{"id":6446,"date":"2021-07-13T12:53:11","date_gmt":"2021-07-13T12:53:11","guid":{"rendered":"https:\/\/www.domynoitalia.it\/?page_id=6446"},"modified":"2021-12-09T15:53:37","modified_gmt":"2021-12-09T15:53:37","slug":"master-specialistico-per-giurista-di-impresa-2","status":"publish","type":"page","link":"https:\/\/www.domynoitalia.it\/index.php\/master-specialistico-per-giurista-di-impresa-2\/","title":{"rendered":"MASTER specialistico per Giurista di Impresa"},"content":{"rendered":"[vc_row css=&#8221;.vc_custom_1539785668452{padding-top: 30px !important;}&#8221; el_class=&#8221;about-image&#8221;][vc_column css=&#8221;.vc_custom_1539499556894{padding-top: 100px !important;}&#8221;][vc_column_text css=&#8221;.vc_custom_1628068254454{padding-bottom: 20px !important;}&#8221;]\n<h2 style=\"text-align: justify;\">MASTER per Giuristi d\u2019impresa<\/h2>\n<p style=\"text-align: justify;\"><strong>DESCRIZIONE DEL CORSO<\/strong><\/p>\n<p>Il corso si propone di fornire una solida formazione ed un valido supporto sia per coloro i quali vogliano intraprendere il percorso professionale del Giurista d\u2019impresa (o <em>in-house legal counsel<\/em>), il quale si differenzia dalla figura classica del consulente esterno (l\u2019avvocato di libero foro) per operare direttamente alle dipendenze di una singola societ\u00e0, sia per tutti quei professionisti che prestino i propri servizi di assistenza legale \u2013 o intendano prestarli \u2013 a favore delle imprese.<\/p>\n<p>Il presente percorso didattico si pone quale obiettivo, quindi, la formazione del Giurista di Impresa del futuro, consolidando le proprie competenze giuridiche e sviluppando quelle manageriali, consentendo al professionista legale di monitorare costantemente il rischio giuridico connesso all\u2019esercizio dell\u2019impresa, contrastandolo, e di contribuire proficuamente alla crescita economica dell\u2019azienda.<\/p>\n<p>Il corso prevede, infatti, oltre alle lezioni tradizionali dedicate alla contrattualistica d\u2019impresa, agli aspetti giuslavoristici, al diritto societario e commerciale, anche appositi moduli relativi agli aspetti contabili e fiscali connessi alle dinamiche aziendali e alla gestione della <em>compliance<\/em> quale indispensabile settore connesso alla quotidianit\u00e0 aziendale.<\/p>\n<p>In estrema sintesi, si pu\u00f2 sostenere che il corso non si limiti soltanto ad approfondire ogni aspetto connesso alla vita aziendale e al settore della <em>corporate law<\/em>, bens\u00ec miri a fornire una solida preparazione tecnica per permettere al discente di diventare uno strumento indispensabile nelle mani di un <em>manager<\/em> capace.<\/p>\n<p>Il corso si rivolge prevalentemente ad avvocati, praticanti avvocati e\/o laureati in giurisprudenza, consulenti e\/o liberi professionisti in generale, manager, direttori e responsabili amministrativi di aziende.<\/p>\n<p><strong>VANTAGGI COMPETITIVI DEL CORSO<\/strong><\/p>\n<ul style=\"text-align: justify;\">\n<li>Il corso avr\u00e0 un approccio non solo teorico ma anche pratico-operativo;<\/li>\n<li>Le lezioni saranno tenute da professionisti del settore (sia da avvocati d\u2019affari \u2013 del libero foro \u2013 sia da consulenti <em>in-house<\/em>, nonch\u00e9 da <em>manager <\/em>di importanti realt\u00e0 imprenditoriali), in grado di fornire un taglio pratico ai concetti teorici introdotti. In questo modo, il corso persegue lo scopo di facilitare il discente ad entrare nel vivo delle questioni salienti che potrebbe trovarsi ad affrontare nell\u2019ambito del complesso e variegato contesto aziendale;<\/li>\n<li>Durante il corso verranno distribuiti strumenti di supporto e materiali (didattico o operativo) utili durante la futura attivit\u00e0 lavorativa (quali, tra i molti, modelli contrattuali, <em>fac-simili <\/em>di informative <em>privacy<\/em>, schemi e clausole tipiche, format di documenti procedurali, istruzioni operative, <em>et similia<\/em>);<\/li>\n<li>I discenti riceveranno il materiale didattico cos\u00ec da permettere una partecipazione proattiva alla lezione, che si svolger\u00e0 prevalentemente in maniera interattiva;<\/li>\n<li>Durante il corso verranno affrontati inoltre numerosi casi pratici e verranno presentati diversi ospiti illustri quali <em>manager<\/em>, consiglieri di amministrazione, professionisti e legali di impresa di importanti multinazionali o realt\u00e0 aziendali;All&#8217;esito della partecipazione al corso (previa frequenza minima del 70% delle ore previste) verr\u00e0 rilasciato IDONEO ATTESTATO DI PARTECIPAZIONE spendibile ai fini dell\u2019integrazione di un proprio Curriculum Vitae.<\/li>\n<\/ul>\n<p>&nbsp;<\/p>\n<p>All&#8217;esito della partecipazione al corso (previa frequenza minima del 70% delle ore previste) verr\u00e0 rilasciato IDONEO ATTESTATO DI PARTECIPAZIONE spendibile ai fini dell\u2019integrazione di un proprio Curriculum Vitae.<\/p>\n<p>Al termine del corso \u00e8 prevista una prova selettiva di idoneit\u00e0 all\u2019esito della quale verr\u00e0 stilata una graduatoria tra i partecipanti iscritti al corso; tale graduatoria potr\u00e0 diventare di interesse per <em>law firm<\/em>, <em>boutique <\/em>del diritto societario o aziende ai fini di un inserimento lavorativo.<\/p>\n<p><strong>DURATA DEL CORSO E LOCATION<\/strong><\/p>\n<p>Il corso ha una durata di 96 ore di lezione frontale (16 giornate da 6 ore ciascuna).<\/p>\n<p>Le lezioni potranno prevedere la diffusione di slides o materiale esplicativo.<\/p>\n<p>Il corso \u00e8 attivo in modalit\u00e0 <em>on line<\/em>.<\/p>\n<p>Tutte le lezioni del corso si terranno secondo il programma e calendario di seguito indicato.<\/p>\n<p>&nbsp;[\/vc_column_text][vc_btn title=&#8221;Guarda il programma e il Calendario&#8221; style=&#8221;classic&#8221; color=&#8221;pink&#8221; size=&#8221;lg&#8221; align=&#8221;center&#8221; link=&#8221;url:https%3A%2F%2Fwww.domynoitalia.it%2Fwp-content%2Fuploads%2F2021%2F12%2FCalendario-MASTER-GIURISTA-DI-IMPRESA-1.pdf|||rel:nofollow&#8221;][vc_column_text]<strong>COSTI DEL MASTER<\/strong><\/p>\n<p>Prezzo del MASTER: euro 3.800\u00a0+ iva (totale euro 4.636 iva inclusa)<br \/>\nPrezzo convenzionato per soggetti dotati di codice promozionale e per ex corsisti di Scuola di Legge =&gt; euro 3.200\u00a0+ iva (totale euro 3.904 iva inclusa).<\/p>\n<p>&nbsp;<\/p>\n<p><strong>Per iscriverti ai nostri MASTER, effettua un bonifico dell\u2019importo corrispondente al corso scelto ai seguenti riferimenti e compila il modulo sottostante con i dati richiesti.<\/strong><\/p>\n<p><strong>Qualora dovessi riscontrare problemi con la procedura di iscrizione, puoi contattarci all\u2019indirizzo info@domynoitalia.it<\/strong><\/p>\n<p><strong>Beneficiario: DOMYNO S.r.l.<\/strong><\/p>\n<p><strong>IBAN: IT27S0760112100001040737049<\/strong><\/p>\n<p><strong>Causale bonifico: Nome e cognome di fatturazione \u2013 tipologia di MASTER<\/strong>[\/vc_column_text][\/vc_column][\/vc_row][vc_row css=&#8221;.vc_custom_1626185936067{padding-top: 30px !important;padding-bottom: 50px !important;}&#8221; el_class=&#8221;about-image&#8221;][vc_column width=&#8221;1\/4&#8243;][vc_custom_heading text=&#8221;AVV. SIMONE FURIAN&#8221; font_container=&#8221;tag:h2|text_align:center&#8221;][vc_custom_heading text=&#8221;del Foro di Milano&#8221; font_container=&#8221;tag:h4|text_align:center&#8221; css=&#8221;.vc_custom_1626195110906{padding-bottom: 10px !important;}&#8221;][vc_single_image image=&#8221;6450&#8243; img_size=&#8221;medium&#8221; alignment=&#8221;center&#8221; css=&#8221;.vc_custom_1626187725321{padding-bottom: 50px !important;}&#8221;][vc_column_text]\n<p style=\"text-align: center;\">Esperto di diritto societario e diritto Tributario, con significativa propensione alla fiscalit\u00e0 internazionale \u00e8 stato nominato tra gli Avvocati Corporate &amp; Tax Elite dell\u2019anno da Milano Finanza 2021.<\/p>\n<p style=\"text-align: center;\">Tra le varie attivit\u00e0, si occupa della protezione e pianificazione dei patrimoni familiari e personali, Trust holding con fini di governance e di passaggio generazionale<\/p>\n<p style=\"text-align: center;\">Autore di numerose pubblicazioni su stampa specializzata, riveste incarichi di sindaco effettivo in numerose societ\u00e0, anche quotate.<\/p>\n[\/vc_column_text][\/vc_column][vc_column width=&#8221;1\/4&#8243;][vc_custom_heading text=&#8221;AVV. STEFANO ARTUSO&#8221; font_container=&#8221;tag:h2|text_align:center&#8221;][vc_custom_heading text=&#8221;del Foro di Padova&#8221; font_container=&#8221;tag:h4|text_align:center&#8221; css=&#8221;.vc_custom_1626195118015{padding-bottom: 10px !important;}&#8221;][vc_single_image image=&#8221;6451&#8243; img_size=&#8221;medium&#8221; css=&#8221;.vc_custom_1626187798156{padding-bottom: 170px !important;}&#8221;][vc_column_text css=&#8221;.vc_custom_1626187180889{margin-top: 0px !important;}&#8221;]\n<p style=\"text-align: center;\">Avvocato esperto in diritto tributario e dall\u2019anno 2015 cultore di Diritto Tributario nell\u2019Universit\u00e0 degli Studi di Padova.<\/p>\n<p style=\"text-align: center;\">Autore di articoli, nonch\u00e9 relatore in Seminari e Convegni di diritto tributario e penal-tributario.<\/p>\n<p style=\"text-align: center;\">Si occupa principalmente di reddito di impresa, con particolare riferimento alla finanza agevolata ed alle contestazioni in tema di elusione fiscale\/abuso del diritto.<\/p>\n[\/vc_column_text][\/vc_column][vc_column width=&#8221;1\/4&#8243;][vc_custom_heading text=&#8221;DOTT. MICHELE PIAZZA&#8221; font_container=&#8221;tag:h2|text_align:center&#8221;][vc_custom_heading text=&#8221;presso l\u2019Ordine di Padova&#8221; font_container=&#8221;tag:h4|text_align:center&#8221; css=&#8221;.vc_custom_1626187936321{padding-bottom: 10px !important;}&#8221;][vc_single_image image=&#8221;6452&#8243; img_size=&#8221;medium&#8221; alignment=&#8221;center&#8221; css=&#8221;.vc_custom_1626187807624{padding-bottom: 50px !important;}&#8221;][vc_column_text]\n<p style=\"text-align: center;\">Dottore Commercialista e partner di Strategya, societ\u00e0 di consulenza aziendale specializzata nella redazione e implementazione di piani industriali.<\/p>\n<p style=\"text-align: center;\">Si occupa prevalentemente di business planning e business modelling, turnaround aziendale e implementazione di sistemi di Corporate Performance Management (CPM).<\/p>\n<p style=\"text-align: center;\">Assiste numerose realt\u00e0 societarie e Gruppi in percorsi di perfomance improvement e in operazioni di corporate finance, ricoprendo anche ruoli di Temporary Chief Financial Officier.<\/p>\n[\/vc_column_text][\/vc_column][vc_column width=&#8221;1\/4&#8243;][vc_custom_heading text=&#8221;AVV. SUSANNA MARAGNO&#8221; font_container=&#8221;tag:h2|text_align:center&#8221;][vc_custom_heading text=&#8221;del Foro di Padova&#8221; font_container=&#8221;tag:h4|text_align:center&#8221; css=&#8221;.vc_custom_1626195130937{padding-bottom: 10px !important;}&#8221;][vc_single_image image=&#8221;6489&#8243; img_size=&#8221;medium&#8221; alignment=&#8221;center&#8221; css=&#8221;.vc_custom_1626192758976{padding-bottom: 50px !important;}&#8221;][vc_column_text]\n<p style=\"text-align: center;\">Avvocato esperta nella consulenza del lavoro per pratiche di licenziamenti individuali e collettivi, procedimenti disciplinari e contenziosi sia stragiudiziali che giudiziali.<\/p>\n<p style=\"text-align: center;\">Assiste l\u2019organizzazione delle divisioni di HR e le operazioni societarie che coinvolgono anche il personale dipendente, nonch\u00e9 la redazione di regolamenti aziendali, piani welfare aziendale, regolamenti interni ma anche accordi di fidelizzazione, patti di non concorrenza, patti di stabilit\u00e0, accordi di lavoro agile.<\/p>\n[\/vc_column_text][\/vc_column][\/vc_row][vc_row css=&#8221;.vc_custom_1623911598955{padding-top: 30px !important;padding-bottom: 50px !important;}&#8221; el_class=&#8221;about-image&#8221;][vc_column width=&#8221;1\/3&#8243;][vc_custom_heading text=&#8221;MICHELE DE MARTIN&#8221; font_container=&#8221;tag:h2|text_align:center&#8221; css=&#8221;.vc_custom_1626187885422{padding-bottom: 33px !important;}&#8221;][vc_custom_heading text=&#8221;Gruppo RBHOLD&#8221; font_container=&#8221;tag:h4|text_align:center&#8221; css=&#8221;.vc_custom_1626187962109{padding-bottom: 10px !important;}&#8221;][vc_single_image image=&#8221;6455&#8243; img_size=&#8221;medium&#8221; alignment=&#8221;center&#8221; css=&#8221;.vc_custom_1626187685762{padding-bottom: 50px !important;}&#8221;][vc_column_text]\n<p style=\"text-align: center;\">Avvocato e responsabile legale del Gruppo RBHOLD.<\/p>\n<p style=\"text-align: center;\">Ha conseguito un Master con la collaborazione dell\u2019Universit\u00e0 C\u00e0 Foscari di Venezia.<\/p>\n<p style=\"text-align: center;\">Esperto di contrattualistica aziendale e di tematiche di compliance aziendale.<\/p>\n[\/vc_column_text][\/vc_column][vc_column width=&#8221;1\/3&#8243;][vc_custom_heading text=&#8221;PROF. a c. AVV. GIOVANNA TIEGHI&#8221; font_container=&#8221;tag:h2|text_align:center&#8221;][vc_custom_heading text=&#8221;del Foro di Padova&#8221; font_container=&#8221;tag:h4|text_align:center&#8221; css=&#8221;.vc_custom_1626195143654{padding-bottom: 10px !important;}&#8221;][vc_single_image image=&#8221;6456&#8243; img_size=&#8221;medium&#8221; alignment=&#8221;center&#8221; css=&#8221;.vc_custom_1626188008513{padding-bottom: 50px !important;}&#8221;][vc_column_text]\n<p style=\"text-align: center;\">Avvocato del Foro di Padova, opera nell\u2019ambito del diritto amministrativo (prevalentemente procedure di evidenza pubblica, diritto ambientale, sanitario, urbanistica, edilizia) e costituzionale.<\/p>\n<p style=\"text-align: center;\">Prof. a c. di ELP \u2013 Global English for Legal Studies presso l\u2019Universit\u00e0 degli Studi di Padova.<\/p>\n<p style=\"text-align: center;\">Docente all\u2019interno del Modulo di Diritto pubblico e costituzionale e relatrice all\u2019interno del Modulo di Deontologia forense della Scuola forense dell\u2019Ordine degli Avvocati di Padova, gi\u00e0 docente presso il Master di II livello di Giurista internazionale di Impresa (Treviso-Unipd), iscritta all\u2019Albo dei CTU del Tribunale di Padova.<\/p>\n<p style=\"text-align: center;\">Membro, in qualit\u00e0 di National Reporter, dell\u2019IBFD Observatory on the Protection of Taxpayers\u2019 Rights (OPTR), \u00e8 relatrice a convegni di rilievo nazionale e internazionale, seminari e iniziative di carattere scientifico e autrice di varie pubblicazioni, sia in lingua italiana che in inglese.<\/p>\n[\/vc_column_text][\/vc_column][vc_column width=&#8221;1\/3&#8243;][vc_custom_heading text=&#8221;AVV. ANDREA COMELLI&#8221; font_container=&#8221;tag:h2|text_align:center&#8221; css=&#8221;.vc_custom_1626188254584{padding-bottom: 33px !important;}&#8221;][vc_custom_heading text=&#8221;del Foro Padova&#8221; font_container=&#8221;tag:h4|text_align:center&#8221; css=&#8221;.vc_custom_1626195150235{padding-bottom: 10px !important;}&#8221;][vc_single_image image=&#8221;6457&#8243; img_size=&#8221;medium&#8221; alignment=&#8221;center&#8221; css=&#8221;.vc_custom_1626188187671{padding-bottom: 50px !important;}&#8221;][vc_column_text]\n<p style=\"text-align: center;\">Avvocato presso GR Legal ed esperto dei settori dell\u2019IP e dell\u2019IT e in particolare nei contenziosi in materia di brevetti e marchi, diritto d\u2019autore, segni distintivi, design e concorrenza sleale.<\/p>\n<p style=\"text-align: center;\">Ha studiato \u201cChinese IP Law\u201d presso la Peking University (Beida) \u2013 School of Government di Pechino (Cina).<\/p>\n<p style=\"text-align: center;\">\u00c8 membro di AIPPI, LES International, EPLAW e autore di numerosi contributi per la rivista di settore \u201cIl Diritto Industriale\u201d.<\/p>\n[\/vc_column_text][\/vc_column][\/vc_row][vc_row css=&#8221;.vc_custom_1623911598955{padding-top: 30px !important;padding-bottom: 50px !important;}&#8221; el_class=&#8221;about-image&#8221;][vc_column width=&#8221;1\/3&#8243;][vc_custom_heading text=&#8221;AVV. CARMEN PEGORARO&#8221; font_container=&#8221;tag:h2|text_align:center&#8221;][vc_custom_heading text=&#8221;del Foro di Padova&#8221; font_container=&#8221;tag:h4|text_align:center&#8221; css=&#8221;.vc_custom_1626195158707{padding-bottom: 10px !important;}&#8221;][vc_single_image image=&#8221;6458&#8243; img_size=&#8221;medium&#8221; alignment=&#8221;center&#8221; css=&#8221;.vc_custom_1626188362442{padding-bottom: 50px !important;}&#8221;][vc_column_text]\n<p style=\"text-align: center;\">Avvocato civilista ed esperto in GDPR<\/p>\n<p style=\"text-align: center;\">D.P.O. (Data Protection Officer) di plurime realt\u00e0 societarie<\/p>\n<p style=\"text-align: center;\">Docente e coordinatore di Scuola di Legge<\/p>\n[\/vc_column_text][\/vc_column][vc_column width=&#8221;1\/3&#8243;][vc_custom_heading text=&#8221;DANIELE BARBONE&#8221; font_container=&#8221;tag:h2|text_align:center&#8221;][vc_custom_heading text=&#8221;BPSEC Srl&#8221; font_container=&#8221;tag:h4|text_align:center&#8221; css=&#8221;.vc_custom_1626188398695{padding-bottom: 10px !important;}&#8221;][vc_single_image image=&#8221;6459&#8243; img_size=&#8221;medium&#8221; alignment=&#8221;center&#8221; css=&#8221;.vc_custom_1626188421294{padding-bottom: 50px !important;}&#8221;][vc_column_text]\n<p style=\"text-align: center;\">Fondatore e direttore di BPSEC Srl, azienda specializzata in servizi evoluti per l\u2019ambiente e la sicurezza di cicli produttivi e prodotti.<\/p>\n<p style=\"text-align: center;\">Tra i principali esperti italiani nel settore sostenibilit\u00e0 ambientale.<\/p>\n<p style=\"text-align: center;\">Presidente dell\u2019Agenzia TPL Milano, Monza e Brianza, Lodi e Pavia; AD di Acqua Novara e VCO SpA; consulente di primarie aziende ed istituzioni italiane ed estere nel campo della green economy.<\/p>\n<p style=\"text-align: center;\">Dal 2019 \u00e8 docente dell&#8217;Istituto di Mobilit\u00e0 sostenibile del Piemonte per la cattedra di sostenibilit\u00e0 ambientale e sicurezza cicli produttivi.<\/p>\n[\/vc_column_text][\/vc_column][vc_column width=&#8221;1\/3&#8243;][vc_custom_heading text=&#8221;AVV. ARTURO SULLO&#8221; font_container=&#8221;tag:h2|text_align:center&#8221;][vc_custom_heading text=&#8221;del Foro di Padova&#8221; font_container=&#8221;tag:h4|text_align:center&#8221; css=&#8221;.vc_custom_1626195165347{padding-bottom: 10px !important;}&#8221;][vc_single_image image=&#8221;6460&#8243; img_size=&#8221;medium&#8221; alignment=&#8221;center&#8221; css=&#8221;.vc_custom_1626188432378{padding-bottom: 50px !important;}&#8221;][vc_column_text]\n<p style=\"text-align: center;\">Avvocato penalista ed esperto in Modelli Organizzativi 231<\/p>\n<p style=\"text-align: center;\">Organismo di Vigilanza di plurime realt\u00e0 societarie<\/p>\n<p style=\"text-align: center;\">Dottore di ricerca e cultore della materia presso Universit\u00e0 degli Studi di Padova<\/p>\n<p style=\"text-align: center;\">Direttore e docente di Scuola di Legge<\/p>\n[\/vc_column_text][\/vc_column][\/vc_row][vc_row][vc_column]\n<div class=\"wpcf7 no-js\" id=\"wpcf7-f6098-o1\" lang=\"en-US\" dir=\"ltr\" data-wpcf7-id=\"6098\">\n<div class=\"screen-reader-response\"><p role=\"status\" aria-live=\"polite\" aria-atomic=\"true\"><\/p> <ul><\/ul><\/div>\n<form action=\"\/index.php\/wp-json\/wp\/v2\/pages\/6446#wpcf7-f6098-o1\" method=\"post\" class=\"wpcf7-form init\" aria-label=\"Contact form\" enctype=\"multipart\/form-data\" novalidate=\"novalidate\" data-status=\"init\">\n<fieldset class=\"hidden-fields-container\"><input type=\"hidden\" name=\"_wpcf7\" value=\"6098\" \/><input type=\"hidden\" name=\"_wpcf7_version\" value=\"6.1.5\" \/><input type=\"hidden\" name=\"_wpcf7_locale\" value=\"en_US\" \/><input type=\"hidden\" name=\"_wpcf7_unit_tag\" value=\"wpcf7-f6098-o1\" \/><input type=\"hidden\" name=\"_wpcf7_container_post\" value=\"0\" \/><input type=\"hidden\" name=\"_wpcf7_posted_data_hash\" value=\"\" \/>\n<\/fieldset>\n<div class=\"row\">\n\t<div class=\"contact-input\">\n\t\t<div class=\"col-md-6 col-sm-12\">\n\t\t\t<h3>Dati di fatturazione\n\t\t\t<\/h3>\n\t\t\t<div class=\"contact-name\">\n\t\t\t\t<p><span class=\"wpcf7-form-control-wrap\" data-name=\"nome\"><input size=\"40\" maxlength=\"400\" class=\"wpcf7-form-control wpcf7-text wpcf7-validates-as-required\" aria-required=\"true\" aria-invalid=\"false\" placeholder=\"Nome (richiesto)\" value=\"\" type=\"text\" name=\"nome\" \/><\/span>\n\t\t\t\t<\/p>\n\t\t\t<\/div>\n\t\t\t<div class=\"contact-name\">\n\t\t\t\t<p><span class=\"wpcf7-form-control-wrap\" data-name=\"cognome\"><input size=\"40\" maxlength=\"400\" class=\"wpcf7-form-control wpcf7-text wpcf7-validates-as-required\" aria-required=\"true\" aria-invalid=\"false\" placeholder=\"Cognome (richiesto)\" value=\"\" type=\"text\" name=\"cognome\" \/><\/span>\n\t\t\t\t<\/p>\n\t\t\t<\/div>\n\t\t\t<div class=\"contact-name\">\n\t\t\t\t<p><span class=\"wpcf7-form-control-wrap\" data-name=\"cod-fisc\"><input size=\"40\" maxlength=\"400\" class=\"wpcf7-form-control wpcf7-text wpcf7-validates-as-required\" aria-required=\"true\" aria-invalid=\"false\" placeholder=\"Codice fiscale\/P. IVA (richiesto)\" value=\"\" type=\"text\" name=\"cod-fisc\" \/><\/span>\n\t\t\t\t<\/p>\n\t\t\t<\/div>\n\t\t\t<div class=\"contact-name\">\n\t\t\t\t<p><span class=\"wpcf7-form-control-wrap\" data-name=\"cod-univ\"><input size=\"40\" maxlength=\"400\" class=\"wpcf7-form-control wpcf7-text\" aria-invalid=\"false\" placeholder=\"Codice univoco fattura elettronica (facoltativo)\" value=\"\" type=\"text\" name=\"cod-univ\" \/><\/span>\n\t\t\t\t<\/p>\n\t\t\t<\/div>\n\t\t\t<div class=\"contact-website\">\n\t\t\t\t<p><span class=\"wpcf7-form-control-wrap\" data-name=\"radio-151\"><span class=\"wpcf7-form-control wpcf7-radio\"><span class=\"wpcf7-list-item first\"><label><input type=\"radio\" name=\"radio-151\" value=\"si\" checked=\"checked\" \/><span class=\"wpcf7-list-item-label\">si<\/span><\/label><\/span><span class=\"wpcf7-list-item last\"><label><input type=\"radio\" name=\"radio-151\" value=\"no\" \/><span class=\"wpcf7-list-item-label\">no<\/span><\/label><\/span><\/span><\/span>\n\t\t\t\t<\/p>\n\t\t\t<\/div>\n\t\t\t<div class=\"contact-email\">\n\t\t\t\t<p><span class=\"wpcf7-form-control-wrap\" data-name=\"e-mail\"><input size=\"40\" maxlength=\"400\" class=\"wpcf7-form-control wpcf7-email wpcf7-validates-as-required wpcf7-text wpcf7-validates-as-email\" aria-required=\"true\" aria-invalid=\"false\" placeholder=\"Email (richiesta)\" value=\"\" type=\"email\" name=\"e-mail\" \/><\/span>\n\t\t\t\t<\/p>\n\t\t\t<\/div>\n\t\t\t<div class=\"contact-name\">\n\t\t\t\t<p><span class=\"wpcf7-form-control-wrap\" data-name=\"indirizzo\"><input size=\"40\" maxlength=\"400\" class=\"wpcf7-form-control wpcf7-text wpcf7-validates-as-required\" aria-required=\"true\" aria-invalid=\"false\" placeholder=\"Indirizzo (richiesto)\" value=\"\" type=\"text\" name=\"indirizzo\" \/><\/span>\n\t\t\t\t<\/p>\n\t\t\t<\/div>\n\t\t\t<div class=\"contact-name\">\n\t\t\t\t<p><span class=\"wpcf7-form-control-wrap\" data-name=\"citta\"><input size=\"40\" maxlength=\"400\" class=\"wpcf7-form-control wpcf7-text wpcf7-validates-as-required\" aria-required=\"true\" aria-invalid=\"false\" placeholder=\"Citt\u00e0 (richiesta)\" value=\"\" type=\"text\" name=\"citta\" \/><\/span>\n\t\t\t\t<\/p>\n\t\t\t<\/div>\n\t\t\t<div class=\"contact-name\">\n\t\t\t\t<p><span class=\"wpcf7-form-control-wrap\" data-name=\"provincia\"><select class=\"wpcf7-form-control wpcf7-select wpcf7-validates-as-required\" aria-required=\"true\" aria-invalid=\"false\" name=\"provincia\"><option value=\"\">Provincia (richiesta)<\/option><option value=\"Agrigento\">Agrigento<\/option><option value=\"Alessandria\">Alessandria<\/option><option value=\"Ancona\">Ancona<\/option><option value=\"Aosta\">Aosta<\/option><option value=\"Arezzo\">Arezzo<\/option><option value=\"Ascoli Piceno\">Ascoli Piceno<\/option><option value=\"Asti\">Asti<\/option><option value=\"Avellino\">Avellino<\/option><option value=\"Bari\">Bari<\/option><option value=\"Barletta-Andria-Trani\">Barletta-Andria-Trani<\/option><option value=\"Belluno\">Belluno<\/option><option value=\"Benevento\">Benevento<\/option><option value=\"Bergamo\">Bergamo<\/option><option value=\"Biella\">Biella<\/option><option value=\"Bologna\">Bologna<\/option><option value=\"Bolzano\">Bolzano<\/option><option value=\"Brescia\">Brescia<\/option><option value=\"Brindisi\">Brindisi<\/option><option value=\"Cagliari\">Cagliari<\/option><option value=\"Caltanissetta\">Caltanissetta<\/option><option value=\"Campobasso\">Campobasso<\/option><option value=\"Carbonia-Iglesias\">Carbonia-Iglesias<\/option><option value=\"Caserta\">Caserta<\/option><option value=\"Catania\">Catania<\/option><option value=\"Catanzaro\">Catanzaro<\/option><option value=\"Chieti\">Chieti<\/option><option value=\"Como\">Como<\/option><option value=\"Cosenza\">Cosenza<\/option><option value=\"Cremona\">Cremona<\/option><option value=\"Crontone\">Crontone<\/option><option value=\"Cuneo\">Cuneo<\/option><option value=\"Enna\">Enna<\/option><option value=\"Fermo\">Fermo<\/option><option value=\"Ferrara\">Ferrara<\/option><option value=\"Firenze\">Firenze<\/option><option value=\"Foggia\">Foggia<\/option><option value=\"Forli-Cesena\">Forli-Cesena<\/option><option value=\"Frosinone\">Frosinone<\/option><option value=\"Genova\">Genova<\/option><option value=\"Gorizia\">Gorizia<\/option><option value=\"Grosseto\">Grosseto<\/option><option value=\"Imperia\">Imperia<\/option><option value=\"Isernia\">Isernia<\/option><option value=\"L&#039;Aquila\">L&#039;Aquila<\/option><option value=\"La Spezia\">La Spezia<\/option><option value=\"Latina\">Latina<\/option><option value=\"Lecce\">Lecce<\/option><option value=\"Lecco\">Lecco<\/option><option value=\"Livorno\">Livorno<\/option><option value=\"Lodi\">Lodi<\/option><option value=\"Lucca\">Lucca<\/option><option value=\"Macerata\">Macerata<\/option><option value=\"Mantova\">Mantova<\/option><option value=\"Massa-Carrara\">Massa-Carrara<\/option><option value=\"Matera\">Matera<\/option><option value=\"Medio Campidano\">Medio Campidano<\/option><option value=\"Messina\">Messina<\/option><option value=\"Milano\">Milano<\/option><option value=\"Modena\">Modena<\/option><option value=\"Monza e della Brianza\">Monza e della Brianza<\/option><option value=\"Napoli\">Napoli<\/option><option value=\"Novara\">Novara<\/option><option value=\"Nuoro\">Nuoro<\/option><option value=\"Ogliastra\">Ogliastra<\/option><option value=\"Olbia-Tempio\">Olbia-Tempio<\/option><option value=\"Oristano\">Oristano<\/option><option value=\"Padova\">Padova<\/option><option value=\"Palermo\">Palermo<\/option><option value=\"Parma\">Parma<\/option><option value=\"Pavia\">Pavia<\/option><option value=\"Perugia\">Perugia<\/option><option value=\"Pesaro e Urbino\">Pesaro e Urbino<\/option><option value=\"Pescara\">Pescara<\/option><option value=\"Piacenza\">Piacenza<\/option><option value=\"Pisa\">Pisa<\/option><option value=\"Pistola\">Pistola<\/option><option value=\"Pordenone\">Pordenone<\/option><option value=\"Potenza\">Potenza<\/option><option value=\"Prato\">Prato<\/option><option value=\"Ragusa\">Ragusa<\/option><option value=\"Ravenna\">Ravenna<\/option><option value=\"Reggio Calabria\">Reggio Calabria<\/option><option value=\"Reggio Emilia\">Reggio Emilia<\/option><option value=\"Rieti\">Rieti<\/option><option value=\"Rimini\">Rimini<\/option><option value=\"Roma\">Roma<\/option><option value=\"Rovigo\">Rovigo<\/option><option value=\"Salerno\">Salerno<\/option><option value=\"Sassari\">Sassari<\/option><option value=\"Savona\">Savona<\/option><option value=\"Siena\">Siena<\/option><option value=\"Siracusa\">Siracusa<\/option><option value=\"Sondrio\">Sondrio<\/option><option value=\"Taranto\">Taranto<\/option><option value=\"Teramo\">Teramo<\/option><option value=\"Terni\">Terni<\/option><option value=\"Torino\">Torino<\/option><option value=\"Trapani\">Trapani<\/option><option value=\"Trento\">Trento<\/option><option value=\"Treviso\">Treviso<\/option><option value=\"Trieste\">Trieste<\/option><option value=\"Udine\">Udine<\/option><option value=\"Varese\">Varese<\/option><option value=\"Venezia\">Venezia<\/option><option value=\"Verbano-Cusio-Ossola\">Verbano-Cusio-Ossola<\/option><option value=\"Vercelli\">Vercelli<\/option><option value=\"Verona\">Verona<\/option><option value=\"Vibo Valentia\">Vibo Valentia<\/option><option value=\"Vicenza\">Vicenza<\/option><option value=\"Viterbo\">Viterbo<\/option><\/select><\/span>\n\t\t\t\t<\/p>\n\t\t\t<\/div>\n\t\t\t<div class=\"contact-name\">\n\t\t\t\t<p><span class=\"wpcf7-form-control-wrap\" data-name=\"cap\"><input size=\"40\" maxlength=\"400\" class=\"wpcf7-form-control wpcf7-text wpcf7-validates-as-required\" aria-required=\"true\" aria-invalid=\"false\" placeholder=\"C.A.P. (richiesto)\" value=\"\" type=\"text\" name=\"cap\" \/><\/span>\n\t\t\t\t<\/p>\n\t\t\t<\/div>\n\t\t\t<div class=\"col-md-6 col-sm-12\">\n\t\t\t\t<p style=\"font-size:14px;\">Distinta del bonifico (richiesta):\n\t\t\t\t<\/p>\n\t\t\t<\/div>\n\t\t\t<div class=\"col-md-6 col-sm-12\">\n\t\t\t\t<div class=\"contact-name\">\n\t\t\t\t\t<p><span class=\"wpcf7-form-control-wrap\" data-name=\"bonifico\"><input size=\"40\" class=\"wpcf7-form-control wpcf7-file wpcf7-validates-as-required\" accept=\"audio\/*,video\/*,image\/*\" aria-required=\"true\" aria-invalid=\"false\" type=\"file\" name=\"bonifico\" \/><\/span>\n\t\t\t\t\t<\/p>\n\t\t\t\t<\/div>\n\t\t\t<\/div>\n\t\t<\/div>\n\t\t<div class=\"col-md-6 col-sm-12\">\n\t\t\t<h3>Dati di iscrizione del frequentante\n\t\t\t<\/h3>\n\t\t\t<div class=\"contact-name\">\n\t\t\t\t<p><span class=\"wpcf7-form-control-wrap\" data-name=\"nome-freq\"><input size=\"40\" maxlength=\"400\" class=\"wpcf7-form-control wpcf7-text wpcf7-validates-as-required\" aria-required=\"true\" aria-invalid=\"false\" placeholder=\"Nome (richiesto)\" value=\"\" type=\"text\" name=\"nome-freq\" \/><\/span>\n\t\t\t\t<\/p>\n\t\t\t<\/div>\n\t\t\t<div class=\"contact-name\">\n\t\t\t\t<p><span class=\"wpcf7-form-control-wrap\" data-name=\"cognome-freq\"><input size=\"40\" maxlength=\"400\" class=\"wpcf7-form-control wpcf7-text wpcf7-validates-as-required\" aria-required=\"true\" aria-invalid=\"false\" placeholder=\"Cognome (richiesto)\" value=\"\" type=\"text\" name=\"cognome-freq\" \/><\/span>\n\t\t\t\t<\/p>\n\t\t\t<\/div>\n\t\t\t<div class=\"contact-email\">\n\t\t\t\t<p><span class=\"wpcf7-form-control-wrap\" data-name=\"email-freq\"><input size=\"40\" maxlength=\"400\" class=\"wpcf7-form-control wpcf7-email wpcf7-validates-as-required wpcf7-text wpcf7-validates-as-email\" aria-required=\"true\" aria-invalid=\"false\" placeholder=\"Email (richiesta)\" value=\"\" type=\"email\" name=\"email-freq\" \/><\/span>\n\t\t\t\t<\/p>\n\t\t\t<\/div>\n\t\t\t<div class=\"contact-name\">\n\t\t\t\t<p><span class=\"wpcf7-form-control-wrap\" data-name=\"ordine-freq\"><input size=\"40\" maxlength=\"400\" class=\"wpcf7-form-control wpcf7-text wpcf7-validates-as-required\" aria-required=\"true\" aria-invalid=\"false\" placeholder=\"Ordine di appartenenza (richiesto)\" value=\"\" type=\"text\" name=\"ordine-freq\" \/><\/span>\n\t\t\t\t<\/p>\n\t\t\t<\/div>\n\t\t\t<div class=\"contact-name\">\n\t\t\t\t<p><span class=\"wpcf7-form-control-wrap\" data-name=\"master\"><select class=\"wpcf7-form-control wpcf7-select wpcf7-validates-as-required\" aria-required=\"true\" aria-invalid=\"false\" name=\"master\"><option value=\"\">Tipologia di Master (richiesto)<\/option><option value=\"Compliance e 231\">Compliance e 231<\/option><option value=\"Giurista di Impresa\">Giurista di Impresa<\/option><option value=\"GDPR e Cypersecurity\">GDPR e Cypersecurity<\/option><option value=\"Diritto Sportivo\">Diritto Sportivo<\/option><option value=\"Business e pianificazione\">Business e pianificazione<\/option><option value=\"Public Speacking &amp; Leadership\">Public Speacking &amp; Leadership<\/option><\/select><\/span>\n\t\t\t\t<\/p>\n\t\t\t<\/div>\n\t\t\t<div class=\"contact-phone\">\n\t\t\t\t<p><span class=\"wpcf7-form-control-wrap\" data-name=\"telefono\"><input size=\"40\" maxlength=\"400\" class=\"wpcf7-form-control wpcf7-tel wpcf7-text wpcf7-validates-as-tel\" aria-invalid=\"false\" placeholder=\"Nr. cellulare (facoltativo)\" value=\"\" type=\"tel\" name=\"telefono\" \/><\/span>\n\t\t\t\t<\/p>\n\t\t\t<\/div>\n\t\t\t<div class=\"contact-website\">\n\t\t\t\t<p><span class=\"wpcf7-form-control-wrap\" data-name=\"data-nascita\"><input size=\"40\" maxlength=\"400\" class=\"wpcf7-form-control wpcf7-text\" aria-invalid=\"false\" placeholder=\"Data di nascita (facoltativa)\" value=\"\" type=\"text\" name=\"data-nascita\" \/><\/span>\n\t\t\t\t<\/p>\n\t\t\t<\/div>\n\t\t<\/div>\n\t<\/div>\n<\/div>\n<p style=\"font-size:14px;\"><br \/>\n<span class=\"wpcf7-form-control-wrap\" data-name=\"checkbox-1\"><span class=\"wpcf7-form-control wpcf7-checkbox wpcf7-validates-as-required\"><span class=\"wpcf7-list-item first last\"><label><input type=\"checkbox\" name=\"checkbox-1[]\" value=\"Dichiaro di aver letto e di accettare le\" \/><span class=\"wpcf7-list-item-label\">Dichiaro di aver letto e di accettare le<\/span><\/label><\/span><\/span><\/span><a href=\"norme-contrattuali\"><b> norme contrattuali<\/b><\/a><br \/>\n<span class=\"wpcf7-form-control-wrap\" data-name=\"checkbox-2\"><span class=\"wpcf7-form-control wpcf7-checkbox wpcf7-validates-as-required\"><span class=\"wpcf7-list-item first last\"><label><input type=\"checkbox\" name=\"checkbox-2[]\" value=\"Dichiaro di aver letto\" \/><span class=\"wpcf7-list-item-label\">Dichiaro di aver letto<\/span><\/label><\/span><\/span><\/span><a href=\"https:\/\/www.domynoitalia.it\/index.php\/privacy-policy\/\" target=\"_blank\"><b> l'informativa sul trattamento dei dati personali<\/b><\/a><br \/>\n<span class=\"wpcf7-form-control-wrap\" data-name=\"radio-3\"><span class=\"wpcf7-form-control wpcf7-radio\"><span class=\"wpcf7-list-item first\"><label><input type=\"radio\" name=\"radio-3\" value=\"Acconsento\" \/><span class=\"wpcf7-list-item-label\">Acconsento<\/span><\/label><\/span><span class=\"wpcf7-list-item last\"><label><input type=\"radio\" name=\"radio-3\" value=\"Non acconsento al trattamento dei miei dati personali per le finalit\u00e0 connesse all\u2019invio a mezzo mail delle informazioni, anche di tipo commerciale, relative ai nostri servizi, offerte e promozioni.\" \/><span class=\"wpcf7-list-item-label\">Non acconsento al trattamento dei miei dati personali per le finalit\u00e0 connesse all\u2019invio a mezzo mail delle informazioni, anche di tipo commerciale, relative ai nostri servizi, offerte e promozioni.<\/span><\/label><\/span><\/span><\/span>\n<\/p>\n<div class=\"contact-submit\">\n\t<p><input class=\"wpcf7-form-control wpcf7-submit has-spinner button\" type=\"submit\" value=\"INVIA LA RICHIESTA DI ISCRIZIONE\" \/>\n\t<\/p>\n<\/div><div class=\"wpcf7-response-output\" aria-hidden=\"true\"><\/div>\n<\/form>\n<\/div>\n[\/vc_column][\/vc_row][vc_row][vc_column][\/vc_column][\/vc_row]\n","protected":false},"excerpt":{"rendered":"<p>[vc_row css=&#8221;.vc_custom_1539785668452{padding-top: 30px !important;}&#8221; el_class=&#8221;about-image&#8221;][vc_column css=&#8221;.vc_custom_1539499556894{padding-top: 100px !important;}&#8221;][vc_column_text css=&#8221;.vc_custom_1628068254454{padding-bottom: 20px !important;}&#8221;] MASTER per Giuristi d\u2019impresa DESCRIZIONE DEL CORSO Il corso si propone di fornire una solida formazione ed un valido [&hellip;]<\/p>\n","protected":false},"author":1,"featured_media":0,"parent":0,"menu_order":0,"comment_status":"closed","ping_status":"closed","template":"page-templates\/page-no-title.php","meta":{"_monsterinsights_skip_tracking":false,"_monsterinsights_sitenote_active":false,"_monsterinsights_sitenote_note":"","_monsterinsights_sitenote_category":0,"footnotes":""},"class_list":["post-6446","page","type-page","status-publish","hentry"],"yoast_head":"<!-- This site is optimized with the Yoast SEO plugin v27.5 - https:\/\/yoast.com\/product\/yoast-seo-wordpress\/ -->\n<title>MASTER specialistico per Giurista di Impresa - Domyno Italia<\/title>\n<meta name=\"robots\" content=\"index, follow, max-snippet:-1, max-image-preview:large, max-video-preview:-1\" \/>\n<link rel=\"canonical\" href=\"https:\/\/www.domynoitalia.it\/index.php\/master-specialistico-per-giurista-di-impresa-2\/\" \/>\n<meta property=\"og:locale\" content=\"it_IT\" \/>\n<meta property=\"og:type\" content=\"article\" \/>\n<meta property=\"og:title\" content=\"MASTER specialistico per Giurista di Impresa - Domyno Italia\" \/>\n<meta property=\"og:description\" content=\"[vc_row css=&#8221;.vc_custom_1539785668452{padding-top: 30px !important;}&#8221; el_class=&#8221;about-image&#8221;][vc_column css=&#8221;.vc_custom_1539499556894{padding-top: 100px !important;}&#8221;][vc_column_text css=&#8221;.vc_custom_1628068254454{padding-bottom: 20px !important;}&#8221;] MASTER per Giuristi d\u2019impresa DESCRIZIONE DEL CORSO Il corso si propone di fornire una solida formazione ed un valido [&hellip;]\" \/>\n<meta property=\"og:url\" content=\"https:\/\/www.domynoitalia.it\/index.php\/master-specialistico-per-giurista-di-impresa-2\/\" \/>\n<meta property=\"og:site_name\" content=\"Domyno Italia\" \/>\n<meta property=\"article:modified_time\" content=\"2021-12-09T15:53:37+00:00\" \/>\n<meta name=\"twitter:card\" content=\"summary_large_image\" \/>\n<meta name=\"twitter:label1\" content=\"Tempo di lettura stimato\" \/>\n\t<meta name=\"twitter:data1\" content=\"7 minuti\" \/>\n<script type=\"application\/ld+json\" class=\"yoast-schema-graph\">{\"@context\":\"https:\\\/\\\/schema.org\",\"@graph\":[{\"@type\":\"WebPage\",\"@id\":\"https:\\\/\\\/www.domynoitalia.it\\\/index.php\\\/master-specialistico-per-giurista-di-impresa-2\\\/\",\"url\":\"https:\\\/\\\/www.domynoitalia.it\\\/index.php\\\/master-specialistico-per-giurista-di-impresa-2\\\/\",\"name\":\"MASTER specialistico per Giurista di Impresa - Domyno Italia\",\"isPartOf\":{\"@id\":\"https:\\\/\\\/www.domynoitalia.it\\\/#website\"},\"datePublished\":\"2021-07-13T12:53:11+00:00\",\"dateModified\":\"2021-12-09T15:53:37+00:00\",\"breadcrumb\":{\"@id\":\"https:\\\/\\\/www.domynoitalia.it\\\/index.php\\\/master-specialistico-per-giurista-di-impresa-2\\\/#breadcrumb\"},\"inLanguage\":\"it-IT\",\"potentialAction\":[{\"@type\":\"ReadAction\",\"target\":[\"https:\\\/\\\/www.domynoitalia.it\\\/index.php\\\/master-specialistico-per-giurista-di-impresa-2\\\/\"]}]},{\"@type\":\"BreadcrumbList\",\"@id\":\"https:\\\/\\\/www.domynoitalia.it\\\/index.php\\\/master-specialistico-per-giurista-di-impresa-2\\\/#breadcrumb\",\"itemListElement\":[{\"@type\":\"ListItem\",\"position\":1,\"name\":\"Home\",\"item\":\"https:\\\/\\\/www.domynoitalia.it\\\/\"},{\"@type\":\"ListItem\",\"position\":2,\"name\":\"MASTER specialistico per Giurista di Impresa\"}]},{\"@type\":\"WebSite\",\"@id\":\"https:\\\/\\\/www.domynoitalia.it\\\/#website\",\"url\":\"https:\\\/\\\/www.domynoitalia.it\\\/\",\"name\":\"Domyno Italia\",\"description\":\"\",\"potentialAction\":[{\"@type\":\"SearchAction\",\"target\":{\"@type\":\"EntryPoint\",\"urlTemplate\":\"https:\\\/\\\/www.domynoitalia.it\\\/?s={search_term_string}\"},\"query-input\":{\"@type\":\"PropertyValueSpecification\",\"valueRequired\":true,\"valueName\":\"search_term_string\"}}],\"inLanguage\":\"it-IT\"}]}<\/script>\n<!-- \/ Yoast SEO plugin. -->","yoast_head_json":{"title":"MASTER specialistico per Giurista di Impresa - Domyno Italia","robots":{"index":"index","follow":"follow","max-snippet":"max-snippet:-1","max-image-preview":"max-image-preview:large","max-video-preview":"max-video-preview:-1"},"canonical":"https:\/\/www.domynoitalia.it\/index.php\/master-specialistico-per-giurista-di-impresa-2\/","og_locale":"it_IT","og_type":"article","og_title":"MASTER specialistico per Giurista di Impresa - Domyno Italia","og_description":"[vc_row css=&#8221;.vc_custom_1539785668452{padding-top: 30px !important;}&#8221; el_class=&#8221;about-image&#8221;][vc_column css=&#8221;.vc_custom_1539499556894{padding-top: 100px !important;}&#8221;][vc_column_text css=&#8221;.vc_custom_1628068254454{padding-bottom: 20px !important;}&#8221;] MASTER per Giuristi d\u2019impresa DESCRIZIONE DEL CORSO Il corso si propone di fornire una solida formazione ed un valido [&hellip;]","og_url":"https:\/\/www.domynoitalia.it\/index.php\/master-specialistico-per-giurista-di-impresa-2\/","og_site_name":"Domyno Italia","article_modified_time":"2021-12-09T15:53:37+00:00","twitter_card":"summary_large_image","twitter_misc":{"Tempo di lettura stimato":"7 minuti"},"schema":{"@context":"https:\/\/schema.org","@graph":[{"@type":"WebPage","@id":"https:\/\/www.domynoitalia.it\/index.php\/master-specialistico-per-giurista-di-impresa-2\/","url":"https:\/\/www.domynoitalia.it\/index.php\/master-specialistico-per-giurista-di-impresa-2\/","name":"MASTER specialistico per Giurista di Impresa - Domyno Italia","isPartOf":{"@id":"https:\/\/www.domynoitalia.it\/#website"},"datePublished":"2021-07-13T12:53:11+00:00","dateModified":"2021-12-09T15:53:37+00:00","breadcrumb":{"@id":"https:\/\/www.domynoitalia.it\/index.php\/master-specialistico-per-giurista-di-impresa-2\/#breadcrumb"},"inLanguage":"it-IT","potentialAction":[{"@type":"ReadAction","target":["https:\/\/www.domynoitalia.it\/index.php\/master-specialistico-per-giurista-di-impresa-2\/"]}]},{"@type":"BreadcrumbList","@id":"https:\/\/www.domynoitalia.it\/index.php\/master-specialistico-per-giurista-di-impresa-2\/#breadcrumb","itemListElement":[{"@type":"ListItem","position":1,"name":"Home","item":"https:\/\/www.domynoitalia.it\/"},{"@type":"ListItem","position":2,"name":"MASTER specialistico per Giurista di Impresa"}]},{"@type":"WebSite","@id":"https:\/\/www.domynoitalia.it\/#website","url":"https:\/\/www.domynoitalia.it\/","name":"Domyno Italia","description":"","potentialAction":[{"@type":"SearchAction","target":{"@type":"EntryPoint","urlTemplate":"https:\/\/www.domynoitalia.it\/?s={search_term_string}"},"query-input":{"@type":"PropertyValueSpecification","valueRequired":true,"valueName":"search_term_string"}}],"inLanguage":"it-IT"}]}},"_links":{"self":[{"href":"https:\/\/www.domynoitalia.it\/index.php\/wp-json\/wp\/v2\/pages\/6446","targetHints":{"allow":["GET"]}}],"collection":[{"href":"https:\/\/www.domynoitalia.it\/index.php\/wp-json\/wp\/v2\/pages"}],"about":[{"href":"https:\/\/www.domynoitalia.it\/index.php\/wp-json\/wp\/v2\/types\/page"}],"author":[{"embeddable":true,"href":"https:\/\/www.domynoitalia.it\/index.php\/wp-json\/wp\/v2\/users\/1"}],"replies":[{"embeddable":true,"href":"https:\/\/www.domynoitalia.it\/index.php\/wp-json\/wp\/v2\/comments?post=6446"}],"version-history":[{"count":30,"href":"https:\/\/www.domynoitalia.it\/index.php\/wp-json\/wp\/v2\/pages\/6446\/revisions"}],"predecessor-version":[{"id":6636,"href":"https:\/\/www.domynoitalia.it\/index.php\/wp-json\/wp\/v2\/pages\/6446\/revisions\/6636"}],"wp:attachment":[{"href":"https:\/\/www.domynoitalia.it\/index.php\/wp-json\/wp\/v2\/media?parent=6446"}],"curies":[{"name":"wp","href":"https:\/\/api.w.org\/{rel}","templated":true}]}}